{"id":239,"date":"2009-02-03T03:31:15","date_gmt":"2009-02-03T02:31:15","guid":{"rendered":"http:\/\/fundacja.szalata.pl\/?page_id=239"},"modified":"2009-02-15T11:45:50","modified_gmt":"2009-02-15T10:45:50","slug":"konwersatorium-etyki-medycyna-na-miare-czlowieka","status":"publish","type":"page","link":"https:\/\/follereau.org\/?page_id=239","title":{"rendered":"Konwersatorium Etyki &#8220;Medycyna na miar\u0119 cz\u0142owieka&#8221;"},"content":{"rendered":"<div style=\"margin: 1ex;\">\n<h1>\n<p align=\"center\"><span style=\"font-family: Times New Roman; color: #0000ff; font-size: medium;\"><strong>Z  dzia\u0142alno\u015bci naukowo-formacyjnej<\/strong><\/span><\/p>\n<p align=\"center\"><span style=\"font-family: Times New Roman; color: #0000ff; font-size: medium;\"><strong>Konwersatorium  Etyki \u201eMedycyna na miar\u0119 cz\u0142owieka\u201d <\/strong><\/span><\/p>\n<p align=\"center\"><span style=\"font-family: Times New Roman; color: #0000ff; font-size: medium;\"><strong>w  latach 1991-2001<\/strong><\/span><\/p>\n<p align=\"justify\"><span style=\"font-family: Arial Narrow; font-size: small;\">Mi\u0119dzyuczelniane  Konwersatorium Etyki \u201eMedycyna na miar\u0119 cz\u0142owieka\u201d powsta\u0142o w  \u015brodowisku uczestnik\u00f3w zaj\u0119\u0107 z filozofii chrze\u015bcija\u0144skiej i etyki  lekarskiej, jakie od 1991 roku podj\u0105\u0142 w warszawskiej Akademii Medycznej  Kazimierz Sza\u0142ata z Wydzia\u0142u Filozofii Chrze\u015bcija\u0144skiej \u00f3wczesnej  Akademii Teologii Katolickiej w Warszawie. Konwersatorium skupia\u0142o  zar\u00f3wno student\u00f3w, jak i profesor\u00f3w kilku warszawskich uczelni zainteresowanych  problemami moralnymi wsp\u00f3\u0142czesnego \u015bwiata ze szczeg\u00f3lnym uwzgl\u0119dnieniem  \u017cywo w\u00f3wczas dyskutowanych problem\u00f3w etyki lekarskiej, z uwzgl\u0119dnieniem  nauczania spo\u0142ecznego Ko\u015bcio\u0142a. W ci\u0105gu dziesi\u0119ciu lat dzia\u0142alno\u015bci  formacyjnej i naukowej zorganizowano ca\u0142y szereg cyklicznych spotka\u0144,  sesji wyjazdowych organizowanych w kraju i za granic\u0105. W 1993 roku  Konwersatorium zosta\u0142o wpisane do programu Mi\u0119dzynarodowego Uniwersytetu  Lataj\u0105cego Nauki Ko\u015bcio\u0142a (AIESC). W 1995 roku Konwersatorium sta\u0142o  si\u0119 baz\u0105 dla utworzenia pierwszej w Europie Centralnej Fundacji Follereau. <\/span><\/p>\n<p align=\"justify\"><span style=\"font-family: Arial Narrow; font-size: small;\"><strong>Do pierwszego  Komitetu Naukowego Konwersatorium weszli:<\/strong><\/span><\/p>\n<p align=\"justify\"><span style=\"font-family: Arial Narrow; font-size: small;\">prof. Zbigniew  Ch\u0142ap, prof. Tadeusz Chru\u015bciel, prof. Mieczys\u0142aw Gogacz, prof. Edward  Niezna\u0144ski, prof. Tadeusz To\u0142\u0142oczko, prof. Krystyna Ostrowska, prof.  Krystyna Osi\u0144ska.<\/span><\/p>\n<p align=\"justify\"><span style=\"font-family: Times New Roman; font-size: medium;\"><strong>Wa\u017cniejsze  sesje naukowe:<\/strong><\/span><\/p>\n<p align=\"justify\"><span style=\"font-family: Times New Roman; font-size: small;\"><strong>13.01.1993  Otwarta debata na temat <em>Kodeksu etyki lekarskiej<\/em><\/strong> z udzia\u0142em  autor\u00f3w Kodeksu, naczelnych w\u0142adz lekarskich oraz s\u0119dzi\u00f3w Trybuna\u0142u  Konstytucyjnego.<\/span><\/p>\n<p align=\"justify\"><span style=\"font-family: Times New Roman; font-size: small;\"><strong>13.04.1993  I Og\u00f3lnopolska Sesja naukowa z okazji  \u015awiatowego\u00a0 Dnia Chorych <em><span style=\"text-decoration: underline;\">O potrzebie etyki lekarskiej<\/span> <\/em><\/strong> z udzia\u0142em blisko 150 uczestnik\u00f3w &#8211; tym si\u00f3str zakonnych pracuj\u0105cych  w\u015br\u00f3d chorych.<\/span><\/p>\n<p align=\"justify\"><span style=\"font-family: Times New Roman; font-size: small;\"><strong>4-5.11.1993  Mi\u0119dzynarodowa sesja naukowa z okazji og\u0142oszenia Encykliki  <em>Veritatis splendor<\/em><\/strong> <strong><em><span style=\"text-decoration: underline;\">Prawo naturalne a medycyna<\/span><\/em><\/strong> z udzia\u0142em blisko 200 uczestnik\u00f3w, g\u0142\u00f3wnie lekarzy z Polski, Francji,  Szwajcarii, Litwy, Ukrainy,Bia\u0142orusi i Rumunii.<\/span><\/p>\n<p align=\"justify\"><span style=\"font-family: Times New Roman; font-size: small;\"><strong>19.02.1994  II Mi\u0119dzynarodowa sesja naukowa z okazji  \u015bwiatowego Dnia Chorych <em><span style=\"text-decoration: underline;\">Miejsce dziecka kalekiego i chorego w  rodzinie i spo\u0142ecze\u0144stwie<\/span><\/em><\/strong> zorganizowana wsp\u00f3lnie z Mi\u0119dzy-narodowym  Biurem Katolickim na rzecz Dzieci w Genewie.<\/span><\/p>\n<p align=\"justify\"><span style=\"font-family: Times New Roman; font-size: small;\"><strong>15.04-21.05.1994  VII Wiosenna sesja dla Europy Centralnej <\/strong> zorganizowana w ramach<strong> Mi\u0119dzynarodowego Centrum Formacji Chrze\u015bcija\u0144skiej<\/strong> dla 14 uczestnik\u00f3w z Polski, Litwy, Ukrainy, Bia\u0142orusi, Gruzji i Jakucji.<\/span><\/p>\n<p align=\"justify\"><span style=\"font-family: Times New Roman; font-size: small;\"><strong>21.05.1994  Mi\u0119dzynarodowa sesja naukowa zorganizowana w ramach ROKU RODZINY<\/strong><\/span><\/p>\n<p align=\"justify\"><span style=\"font-family: Times New Roman; font-size: small;\"><strong><em><span style=\"text-decoration: underline;\">W  Stron\u0119 cywilizacji mi\u0142o\u015bci <\/span><\/em><\/strong> zorganizowana we wsp\u00f3\u0142pracy z BICE, z udzia\u0142em uczestnik\u00f3w z Polski,  Francji, Szwajcarii, Litwy, Bia\u0142orusi i Ukrainy.<\/span><\/p>\n<p align=\"justify\"><span style=\"font-family: Times New Roman; font-size: small;\"><strong>11-12.02.1995  III Mi\u0119dzynarodowa sesja naukowa zorganizowana z okazji  \u015bwiatowego Dnia Chorych <em><span style=\"text-decoration: underline;\">By nie zostali sami <\/span><\/em><\/strong> zorganizowana pod patronatem Prymasa Polski ks. Kard. J\u00f3zefa Glempa.  Dyrektor generalny UNESCO Federico Mayor w\u0142\u0105czy\u0142 sesj\u0119 do oficjalnego  programu obchod\u00f3w <em>Roku Tolerancji<\/em>.<\/span><\/p>\n<p align=\"justify\"><span style=\"font-family: Times New Roman; font-size: small;\"><strong>05.03-07.04.1995\u00a0  IX Wiosenna sesja dla Europy Centralnej <\/strong> zorganizowana w ramach<strong> Mi\u0119dzynarodowego Centrum Formacji Chrze\u015bcija\u0144skiej <\/strong> dla 14 uczestnik\u00f3w z\u00a0 Polski, Litwy, Bia\u0142orusi i Ukrainy.<\/span><\/p>\n<p align=\"justify\"><span style=\"font-family: Times New Roman; font-size: small;\"><strong>25.03.1995  Okr\u0105g\u0142y st\u00f3\u0142 na temat: <em><span style=\"text-decoration: underline;\">Ko\u015bci\u00f3\u0142 wobec trzeciego tysi\u0105clecia<\/span> <\/em><\/strong> z okazji ukazania si\u0119<strong><em> <\/em><\/strong> dokumentu<strong> <em>Tertio millennio adveniente<\/em><\/strong> z udzia\u0142em profesor\u00f3w  z Polski, Francji, Szwajcarii, Ukrainy, Bia\u0142orusi i Litwy.<\/span><\/p>\n<p align=\"justify\"><span style=\"font-family: Times New Roman; font-size: small;\"><strong>02.12.1995.  Uroczysta prezentacja <em><span style=\"text-decoration: underline;\">Karty Pracownik\u00f3w S\u0142u\u017cby Zdrowia<\/span><\/em><\/strong> z udzia\u0142em 150 lekarzy z ca\u0142ej Polski oraz go\u015bci z Francji i Ukrainy,  Litwy i Bia\u0142orusi. Do uczestnik\u00f3w spotkania specjalny list wystosowa\u0142  Kard. Angelini.<\/span><\/p>\n<p align=\"justify\"><span style=\"font-family: Times New Roman; font-size: small;\"><strong>11-12.02.1996.  IV Mi\u0119dzynarodowa sesja naukowa z okazji  \u015bwiatowego Dnia Chorych <span style=\"text-decoration: underline;\">\u015a<\/span><em><span style=\"text-decoration: underline;\">wiat\u0142o nadziei<\/span><\/em><\/strong> zorganizowana przy wsp\u00f3\u0142udziale Mi\u0119dzynarodowej Unii Stowarzysze\u0144  R. Follereau z udzia\u0142em\u00a0 200 go\u015bci z Polski, Francji, Rwandy,  Bia\u0142orusi, Ukrainy i Litwy.<\/span><\/p>\n<p align=\"justify\"><span style=\"font-family: Times New Roman; font-size: small;\"><strong>12.02.1997<\/strong> <strong> V Mi\u0119dzynarodowa Sesja Naukowa<em> <span style=\"text-decoration: underline;\">\u201eW ciszy cierpienia<\/span><\/em><span style=\"text-decoration: underline;\">\u201d<\/span> <\/strong> z udzia\u0142em ok.180 go\u015bci z Polski, Francji, Bia\u0142orusi, Ukrainy i Litwy.<\/span><\/p>\n<p align=\"justify\"><span style=\"font-family: Times New Roman; font-size: small;\"><strong>13.02.1999.  VI Mi\u0119dzynarodowa Sesja Naukowa z okazji  \u015awiatowego Dnia Chorych \u201e<em><span style=\"text-decoration: underline;\">Znaki nadziei\u201d<\/span><\/em> <\/strong> z udzia\u0142em\u00a0 140 uczestnik\u00f3w z Polski Francji, Litwy, Bia\u0142orusi  i Ukrainy.<\/span><\/p>\n<p align=\"justify\"><span style=\"font-family: Times New Roman; font-size: small;\"><strong>15.05-15.06.2000.<\/strong> <strong> Sesja Mi\u0119dzynarodowego Centrum Formacji Chrze\u015bcija\u0144skiej<\/strong> dla  16 uczestnik\u00f3w z Polski, Litwy i Bia\u0142orusi.<\/span><\/p>\n<p align=\"justify\"><span style=\"font-family: Times New Roman; font-size: small;\"><strong>10.02.2001  VII Mi\u0119dzynarodowa Sesja Naukowa z okazji  \u015awiatowego Dnia Chorych<\/strong><span style=\"text-decoration: underline;\"> <\/span> <strong><span style=\"text-decoration: underline;\">\u201e<\/span><em><span style=\"text-decoration: underline;\">Trudna pr\u00f3ba wierno\u015bci<\/span><\/em><span style=\"text-decoration: underline;\">. <\/span> <em><span style=\"text-decoration: underline;\">Lekarz wobec cz\u0142owieka u kresu  \u017cycia\u201d.<\/span><\/em><\/strong> Spotkanie zgromadzi\u0142o przedstawicieli ruchu  hospicyjnego z ca\u0142ej Polski. Obecni byli r\u00f3wnie\u017c go\u015bcie z Francji,  Holandii i Litwy.<\/span><\/p>\n<p align=\"justify\"><span style=\"font-family: Times New Roman; font-size: small;\"><strong><span style=\"text-decoration: underline;\">Wybrani  go\u015bcie Konwersatorium z lat 1991-2001:<\/span><\/strong><\/span><\/p>\n<p align=\"justify\"><span style=\"font-family: Times New Roman; font-size: small;\">ks. bp prof.  Bronis\u0142aw Dembowski (W\u0142oc\u0142awek), ks. bp prof. Jan Chrapek (ATK),  ks. bp Michel Dubost (Francja), o. prof. Mieczys\u0142aw A. Kr\u0105piec (KUL),  o. prof. Jacek Salij (ATK),\u00a0 prof. Tomasz Dybowski (UW), prof.  Tadeusz Chru\u015bciel (prezes NRL), prof. Tadeusz Ch\u0142ap (Komisji Etyki  NRL), prof. Jan Nielubowicz (AM), prof. Stefan Kru\u015b (AM), prof. Marek  Safjan (UW), prof. Krystyna Ostrowska (ATK), prof. Bogdan Hazan (IMiDz.  w Warszawie), prof. Mieczys\u0142aw Gogacz (ATK), prof. Tadeusz To\u0142\u0142oczko  (AM), prof. Aleksander Wasiuty\u0144ski (AM), prof. Aleksander Dubrzy\u0144ski  (AM), prof. Janusz Piekarczyk (AM w Warszawie), ks. prof. Zbigniew Sare\u0142o  (ATK), ks. prof. Bernard Ha\u0142aczek (ATK), ks. dr Jan Krokos (ATK),\u00a0  ks. dr Andrzej Dziuba (ATK), prof. Andrzej Stelmachowski (ATK), ks.  dr Andrzej Santorski (WMSD), doc. dr hab. Krystyna Osi\u0144ska , ks. prof.  Jan \u0141ach (ATK) (Konwersatorium), dr Hanna Goszczy\u0144ska-Cera\u0144ska (IMiDz  w Warszawie), dr Ewa Tomaszewska (KK Solidarno\u015b\u0107), dr Jacek Pi\u0105tkiewicz  (NRL), red. Jan Maria Jackowski (TVP), red. Zbigniew Borowik (Augustinum),  red. Ada i Zdzis\u0142aw Szubowie (S\u0142owo), dr Luba Szawdyn, dr Irena Kornatowska  (Centrum Neuropsychiatrii),\u00a0 dr El\u017cbieta Domarecka (WSP), dr Wanda  B\u0142e\u0144ska (Pozna\u0144), dr Wanda P\u00f3\u0142tawska (Krak\u00f3w), dr J\u00f3zef Placha  (ATK), ks. prof. Jan Kobielus (ATK), ks. W\u0142adys\u0142aw Duda (Hospicjum  warszawskie), ks. Pawe\u0142 Rosik (KARAN), ks. Roman Indrzejczyk (Duszpasterz  s\u0142u\u017cby zdrowia), ks. J\u00f3zef Jachimczak (Krajowy duszp. s\u0142u\u017cby zdrowia),  ks. prof. Jan Socho\u0144 (ATK), prof. Edward Niezna\u0144ski (ATK), prof. Patrick  de Laubier (Justitia et Pax, Uniwersytet w Genewie), dr Francois Ruegg  (BICE Szwajcaria), dr Giovanna Brianti (BICE Szwajcaria), dr Jean-Marie  Fevre (Francja), dr Ernest Hantz (Madagaskar), prof. Alina Saulaskiene  (Uniwersytet Wile\u0144ski), dr Daiva Bartkiewiciene Uniwersytet Wile\u0144ski),  dr Pierre Baconier (Szwajcaria), dr Jean-Marie Mayer (IPC Pary\u017c), dr  Nicolas Buttet (Szwajcaria), prof. Jean Ughetto (Francja), ks. prof  Kazimierz Kloskowski (ATK), dr Angele Cepenaite (Litwa), dr Sergiusz  Wdowenko (Ukraina), dr Sorin Salajan (Rumunia), Andre i Michel Recipon  (Follereau Francja), Bernadette Aujaulat (Follereau Francja), dr Jean  d\u2019Alancon (Francja), Konrad Clement (Szwajcaria), o. Bruno Marie (Szwajcaria),  br Ferdinand Davoine (Follereau Francja) Birth Lejeune (Francja), dr  Jean-Pierre Audoyer (FACO Pary\u017c).<\/span><\/p>\n<p align=\"justify\"><span style=\"font-family: Times New Roman; font-size: small;\">Siedzib\u0105 Konwersatorium by\u0142 Klub Medyka przy ul. Oczki 5\/7 w Warszawskiej Akademii Medycznej.\u00a0 W ramach pracy formacyjnej organizowano cotygodniowe spotkania tematyczne oraz kilkudniowe\u00a0 sesje wyjazdowe organizowane w kraju (Kazimierz Dolny, Lublin, Zakopane, Krasnobr\u00f3d) oraz zagranic\u0105 (Pary\u017c, Lourdes, Wezelay, Angers, Genewa, Wilno)<br \/>\n<\/span><\/h1>\n<\/div>\n","protected":false},"excerpt":{"rendered":"<p>Z dzia\u0142alno\u015bci naukowo-formacyjnej Konwersatorium Etyki \u201eMedycyna na miar\u0119 cz\u0142owieka\u201d w latach 1991-2001 Mi\u0119dzyuczelniane Konwersatorium Etyki \u201eMedycyna na miar\u0119 cz\u0142owieka\u201d powsta\u0142o w \u015brodowisku uczestnik\u00f3w zaj\u0119\u0107 z filozofii chrze\u015bcija\u0144skiej i etyki lekarskiej, &hellip; <a class=\"readmore\" href=\"https:\/\/follereau.org\/?page_id=239\">Czytaj dalej&#8230;<\/a><\/p>\n","protected":false},"author":1,"featured_media":0,"parent":51,"menu_order":0,"comment_status":"closed","ping_status":"closed","template":"","meta":[],"_links":{"self":[{"href":"https:\/\/follereau.org\/index.php?rest_route=\/wp\/v2\/pages\/239"}],"collection":[{"href":"https:\/\/follereau.org\/index.php?rest_route=\/wp\/v2\/pages"}],"about":[{"href":"https:\/\/follereau.org\/index.php?rest_route=\/wp\/v2\/types\/page"}],"author":[{"embeddable":true,"href":"https:\/\/follereau.org\/index.php?rest_route=\/wp\/v2\/users\/1"}],"replies":[{"embeddable":true,"href":"https:\/\/follereau.org\/index.php?rest_route=%2Fwp%2Fv2%2Fcomments&post=239"}],"version-history":[{"count":4,"href":"https:\/\/follereau.org\/index.php?rest_route=\/wp\/v2\/pages\/239\/revisions"}],"predecessor-version":[{"id":241,"href":"https:\/\/follereau.org\/index.php?rest_route=\/wp\/v2\/pages\/239\/revisions\/241"}],"up":[{"embeddable":true,"href":"https:\/\/follereau.org\/index.php?rest_route=\/wp\/v2\/pages\/51"}],"wp:attachment":[{"href":"https:\/\/follereau.org\/index.php?rest_route=%2Fwp%2Fv2%2Fmedia&parent=239"}],"curies":[{"name":"wp","href":"https:\/\/api.w.org\/{rel}","templated":true}]}}