{"id":135,"date":"2008-12-27T15:55:50","date_gmt":"2008-12-27T14:55:50","guid":{"rendered":"http:\/\/szalat.net\/fundacja\/?page_id=135"},"modified":"2009-01-11T02:24:36","modified_gmt":"2009-01-11T01:24:36","slug":"swiatowy-dzien-tredowatych","status":"publish","type":"page","link":"https:\/\/follereau.org\/?page_id=135","title":{"rendered":"\u015awiatowy Dzie\u0144 Tr\u0119dowatych"},"content":{"rendered":"<h2><\/h2>\n<h2><\/h2>\n<h2>Apel dra Kazimierza Sza\u0142aty<br \/>\nna 56 \u015awiatowy Dzie\u0144 Tr\u0119dowatych<br \/>\n25 stycznia 2009 r.<\/h2>\n<p>\u015awiatowy Dzie\u0144 Tr\u0119dowatych og\u0142oszony zosta\u0142 w 1954 roku przez wielkiego francuskiego filozofa, dziennikarza i humanist\u0119 Raoula Follereau, kt\u00f3ry ca\u0142e swoje \u017cycie po\u015bwi\u0119ci\u0142 ludziom biednym, chorym i\u00a0 wyrzuconym na margines \u017cycia spo\u0142ecznego. Zafascynowany \u015bwiadectwem pustelnika i misjonarza Karola de Faucauld, kt\u00f3ry by\u0142 przyk\u0142adem radykalnego zaufania Chrystusowi Follereau nie godzi si\u0119 na wygod\u0119 \u017cycia w stabilnym komforcie europejskiej, dobrze rozwini\u0119tej cywilizacji. Podr\u00f3\u017cuj\u0105c po krajach misyjnych i odkrywaj\u0105c raz po raz straszne leprozoria,\u00a0 w kt\u00f3rych ludzie dotkni\u0119ci tr\u0105dem pozbawieni jakiejkolwiek opieki skazywani byli na d\u0142ugie lata koszmarnych cierpie\u0144, spotyka przy nich najcz\u0119\u015bciej tylko odwa\u017cnych misjonarzy, kt\u00f3rzy przezwyci\u0119\u017caj\u0105c zwyk\u0142y ludzki l\u0119k, potrafili nie\u015b\u0107 pomoc tym, o kt\u00f3rych zapomnia\u0142 \u015bwiat. (o. Damian, o. Beyzym, matka Eugenia czy Matka Teresa to tylko przyk\u0142ady heroicznego ewangelicznego oddania.)<\/p>\n<p>Jeszcze podczas drugiej wojny \u015bwiatowej wraz z siostrami Matki Bo\u017cej od Aposto\u0142\u00f3w Follereau buduje na Wybrze\u017cu Ko\u015bci S\u0142oniowej wioski dla tr\u0119dowatych, w kt\u00f3rych nieuleczalni w\u00f3wczas chorzy mogli by\u0107 piel\u0119gnowani. By zdoby\u0107 fundusze na zorganizowanie wielkiej \u015bwiatowej akcji na rzecz tr\u0119dowatych rusza w \u015bwiat wyg\u0142aszaj\u0105c w r\u00f3\u017cnych miejscach ponad 1200 konferencji. Budzi u\u015bpione sumienia ludzi i g\u0142osi zarazem wielkie pos\u0142anie mi\u0142osierdzia. W 1952 roku w li\u015bcie do ONZ Follereau napisa\u0142 o tr\u0105dzie: \u201eBeztroska cywilizowanych narod\u00f3w wobec tego problemu jest tak wielka, \u017ce \u017caden kraj nie umia\u0142by dzisiaj poda\u0107 przybli\u017conych danych statystycznych dotycz\u0105cych liczby chorych na tr\u0105d.\u201d W 1954 roku ustanawia obchodzony w ka\u017cd\u0105 ostatni\u0105 niedziel\u0119 stycznia \u015awiatowy Dzie\u0144 Tr\u0119dowatych.<\/p>\n<p>Wtedy liczba tr\u0119dowatych si\u0119ga\u0142a jeszcze dwudziestu milion\u00f3w. Dzi\u0119ki pracy naukowc\u00f3w, misjonarzy, lekarzy i wolontariuszy zaanga\u017cowanych w ruch Follereau\u00a0 od tamtego czasu sytuacja tr\u0119dowatych radykalnie si\u0119 zmieni\u0142a. Od 1981 roku dzi\u0119ki zastosowaniu polichemioterapii tr\u0105d sta\u0142 si\u0119 chorob\u0105 uleczaln\u0105. W ci\u0105gu dwudziestu lat liczba chorych spad\u0142a poni\u017cej miliona. Mimo to w krajach biednych (Indie kraje Afryki, Azji, wyspy Pacyfiku, Ameryka Po\u0142udniowa) tr\u0105d nadal zbiera swoje tragiczne \u017cniwo. Co dwie minuty pojawia si\u0119 gdzie\u015b na \u015bwiecie nowy przypadek tej choroby. Na dodatek tr\u0105d jest chorob\u0105 podst\u0119pn\u0105, trudn\u0105 do zdiagnozowania bez specjalistycznych bada\u0144, co znaczy, \u017ce chory nie zdaj\u0105c sobie z tego sprawy mo\u017ce nawet przez dziesi\u0119\u0107 lat zara\u017ca\u0107 innych. Nie mo\u017cna zapomina\u0107 te\u017c, \u017ce tr\u0105d wyst\u0119puje w najubo\u017cszych regionach, pozbawionych jakichkolwiek struktur medycznych. Dlatego walka z najstraszniejsz\u0105 chorob\u0105, jak\u0105 zna ludzko\u015b\u0107 wcale si\u0119 nie sko\u0144czy\u0142a, tak jak nie sko\u0144czy\u0142a si\u0119 prowadzona r\u00f3wnolegle przez ruch Follereau we wsp\u00f3\u0142pracy z Caritas, Zakonem Kawaler\u00f3w Malta\u0144skich i innymi organizacjami walka z r\u00f3wnie star\u0105 a przecie\u017c tak\u017ce uleczaln\u0105 chorob\u0105 g\u0142odow\u0105.<\/p>\n<p>Dlatego Fundacja Polska Raoula Follereau kieruje sw\u00f3j doroczny apel o wsparcie dzia\u0142a\u0144 rozrzuconych w najdalszych zak\u0105tkach \u015bwiata o\u015brodk\u00f3w dla tr\u0119dowatych. Najcz\u0119\u015bciej s\u0105 to o\u015brodki prowadzone przez katolickich misjonarzy, cho\u0107 pracuj\u0105 w nich coraz cz\u0119\u015bciej ludzie \u015bwieccy i to nie tylko katolicy ale te\u017c i protestanci i muzu\u0142manie.<\/p>\n<p>Jedna trzecia wszystkich tr\u0119dowatych na \u015bwiecie pozostaje pod opiek\u0105 stowarzysze\u0144 i fundacji Follereau kt\u00f3re utrzymywane s\u0105 z pieni\u0119dzy zbieranych na ca\u0142ym \u015bwiecie pod ko\u015bcio\u0142ami w ostatni\u0105 niedziel\u0119 stycznia.<\/p>\n<address>dr Kazimierz Sza\u0142ata<\/address>\n<address>prezes Fundacji Polskiej R.F.<\/address>\n<address>Fundator Mi\u0119dzynarodowej Unii Follereau<\/address>\n<h2>Co warto wiedzie\u0107 o tr\u0105dzie?<\/h2>\n<ul>\n<li>To jedna z najstarszych chor\u00f3b jak\u0105 zna ludzko\u015b\u0107.<\/li>\n<li>Tr\u0105d jest choroba wyst\u0119puj\u0105c\u0105 w najubo\u017cszych rejonach \u015bwiata.<\/li>\n<li>Walka z tr\u0105dem to jedna z najpi\u0119kniejszych kart misyjnej i charytatywnej pracy Ko\u015bcio\u0142a.<\/li>\n<li>Od 1952 roku zastosowanie sulfon\u00f3w pozwala\u0142o na \u0142agodzenie rozwoju choroby.<\/li>\n<li>Od 1981 roku dzi\u0119ki zastosowaniu polichemioterapii tr\u0105d sta\u0142 si\u0119 chorob\u0105 wyleczaln\u0105.<\/li>\n<li>W ci\u0105gu ostatnich dwudziestu lat wyleczono skutecznie 15 milion\u00f3w tr\u0119dowatych.<\/li>\n<li>Po roku 2000 liczba nowych przypadk\u00f3w tr\u0105du odkrywanych rocznie spad\u0142a poni\u017cej miliona.<\/li>\n<li>Jak dot\u0105d nie uda\u0142o si\u0119 opracowa\u0107 szczepionki, kt\u00f3ra pomog\u0142aby zradykalizowa\u0107 walk\u0119 z trudnym do zdiagnozowania tr\u0105dem.<\/li>\n<li>Mimo post\u0119pu w medycynie jedna z postaci tr\u0105du l&#8217;ulc\u00e8re de buruli na kt\u00f3ry zapadaj\u0105 najcz\u0119\u015bciej dzieci jest wci\u0105\u017c nieuleczalna, a jedyn\u0105 metod\u0105 powstrzymania jej rozwoju jest radykalna chirurgia.<\/li>\n<li>W\u015br\u00f3d wyleczonych z tr\u0105du na \u015bwiecie \u017cyje oko\u0142o 3 milion\u00f3w ludzi okaleczonych przez przebyt\u0105 chorob\u0119, kt\u00f3rzy nie s\u0105 zdolni do samodzielnej egzystencji.<\/li>\n<li>Cena zestawu antybiotyk\u00f3w potrzebnych do wyleczenia tr\u0119dowatego to tyko 30 z\u0142.<\/li>\n<li>Tr\u0105d jest chorob\u0105 spo\u0142eczn\u0105, mimo wyleczenia cz\u0142owiek nadal pozostaje naznaczony pi\u0119tnem tr\u0119dowatego na ca\u0142e \u017cycie.<\/li>\n<li>Tr\u0105d jako choroba najbiedniejszych ma si\u0119 dobrze dzi\u0119ki tr\u0105dowi egoizmu kraj\u00f3w bogatych.<\/li>\n<\/ul>\n<h2>Dlaczego podawane statystyki s\u0105 niejednoznaczne?<\/h2>\n<p>Poniewa\u017c tr\u0105d wyst\u0119puje w najubo\u017cszych rejonach \u015bwiata gdzie cz\u0119sto nie ma \u017cadnych struktur medycznych, kt\u00f3re dociera\u0142yby do wszystkich chorych.<\/p>\n<p>Wiemy natomiast dok\u0142adnie ilu nowych chorych zjawia si\u0119 na leczenie w o\u015brodkach medycznych. Dla przyk\u0142adu wed\u0142ug danych \u015awiatowej Organizacji Zdrowia w 2007 roku odkryto:<\/p>\n<p>w Afryce 31 037 nowych przypadk\u00f3w<br \/>\nw Ameryce 41 978<br \/>\nna Wschodzie Basenu Morza \u015ar\u00f3dziemnego 4 091<br \/>\nna Pacyfiku Zachodnim 5 867<br \/>\nw Azji po\u0142udniowo-Wschodniej 171 552<br \/>\nW sumie w 2007 roku odnotowano na \u015bwiecie 254 525 nowych przypadk\u00f3w tr\u0105du.<\/p>\n<p>Poniewa\u017c tr\u0105d co prawda jest chorob\u0105 uleczaln\u0105, ale bardzo cz\u0119sto pozostawia po sobie skutki w postaci trwa\u0142ych okalecze\u0144, niekt\u00f3rzy do liczby tr\u0119dowatych zaliczaj\u0105 r\u00f3wnie\u017c tych, kt\u00f3rzy nosz\u0105 na sobie trwa\u0142e \u015blady tr\u0105du. Dlatego pojawiaj\u0105 si\u0119 tu i \u00f3wdzie liczby tr\u0119dowatych si\u0119gaj\u0105ce powy\u017cej trzech milion\u00f3w chorych.<\/p>\n<p>Innym powodem jest fakt, \u017ce tr\u0119dowaci co prawda dzi\u0119ki antybiotykowej kuracji odzyskuj\u0105 zdrowie, ale w oczach otoczenia pozostaj\u0105 skazani na \u201ebycie tr\u0119dowatym\u201d na ca\u0142e \u017cycie. A tych s\u0105 rzeczywi\u015bcie miliony.<\/p>\n<p>By jednak uporz\u0105dkowa\u0107 statystyki, nale\u017cy m\u00f3wi\u0107 o chorych, okaleczonych i naznaczonych pi\u0119tnem tr\u0105du. To s\u0105 r\u00f3\u017cne kategorie bycia tr\u0119dowatym.<\/p>\n","protected":false},"excerpt":{"rendered":"<p>Apel dra Kazimierza Sza\u0142aty na 56 \u015awiatowy Dzie\u0144 Tr\u0119dowatych 25 stycznia 2009 r. \u015awiatowy Dzie\u0144 Tr\u0119dowatych og\u0142oszony zosta\u0142 w 1954 roku przez wielkiego francuskiego filozofa, dziennikarza i humanist\u0119 Raoula Follereau, &hellip; <a class=\"readmore\" href=\"https:\/\/follereau.org\/?page_id=135\">Czytaj dalej&#8230;<\/a><\/p>\n","protected":false},"author":1,"featured_media":0,"parent":51,"menu_order":0,"comment_status":"closed","ping_status":"closed","template":"","meta":[],"_links":{"self":[{"href":"https:\/\/follereau.org\/index.php?rest_route=\/wp\/v2\/pages\/135"}],"collection":[{"href":"https:\/\/follereau.org\/index.php?rest_route=\/wp\/v2\/pages"}],"about":[{"href":"https:\/\/follereau.org\/index.php?rest_route=\/wp\/v2\/types\/page"}],"author":[{"embeddable":true,"href":"https:\/\/follereau.org\/index.php?rest_route=\/wp\/v2\/users\/1"}],"replies":[{"embeddable":true,"href":"https:\/\/follereau.org\/index.php?rest_route=%2Fwp%2Fv2%2Fcomments&post=135"}],"version-history":[{"count":6,"href":"https:\/\/follereau.org\/index.php?rest_route=\/wp\/v2\/pages\/135\/revisions"}],"predecessor-version":[{"id":140,"href":"https:\/\/follereau.org\/index.php?rest_route=\/wp\/v2\/pages\/135\/revisions\/140"}],"up":[{"embeddable":true,"href":"https:\/\/follereau.org\/index.php?rest_route=\/wp\/v2\/pages\/51"}],"wp:attachment":[{"href":"https:\/\/follereau.org\/index.php?rest_route=%2Fwp%2Fv2%2Fmedia&parent=135"}],"curies":[{"name":"wp","href":"https:\/\/api.w.org\/{rel}","templated":true}]}}